{"id":5525,"date":"2025-01-29T12:13:21","date_gmt":"2025-01-29T11:13:21","guid":{"rendered":"https:\/\/perfoaqua.com\/?post_type=proyectos&#038;p=5525"},"modified":"2026-03-25T17:04:50","modified_gmt":"2026-03-25T16:04:50","slug":"aforo-de-un-pozo-de-gran-caudal-en-la-comarca-de-la-selva","status":"publish","type":"proyectos","link":"https:\/\/perfoaqua.com\/es\/nuestros-proyectos-hablan-de-perfoaqua\/aforo-de-un-pozo-de-gran-caudal-en-la-comarca-de-la-selva\/","title":{"rendered":"Aforo de un pozo de gran caudal en la comarca de La Selva"},"content":{"rendered":"\t\t<div data-elementor-type=\"wp-post\" data-elementor-id=\"5525\" class=\"elementor elementor-5525\">\n\t\t\t\t<div class=\"elementor-element elementor-element-5448298 e-con-full e-flex e-con e-parent\" data-id=\"5448298\" data-element_type=\"container\" data-e-type=\"container\">\n\t\t<div class=\"elementor-element elementor-element-06e83d6 e-con-full e-flex e-con e-child\" data-id=\"06e83d6\" data-element_type=\"container\" data-e-type=\"container\">\n\t\t\t\t<div class=\"elementor-element elementor-element-18bb459f elementor-widget elementor-widget-text-editor\" data-id=\"18bb459f\" data-element_type=\"widget\" data-e-type=\"widget\" data-widget_type=\"text-editor.default\">\n\t\t\t\t<div class=\"elementor-widget-container\">\n\t\t\t\t\t\t\t\t\t<p><strong>Necesidad<\/strong><\/p><p>Medir el caudal de agua que puede proporcionar un pozo perforado por percusi\u00f3n.<\/p>\t\t\t\t\t\t\t\t<\/div>\n\t\t\t\t<\/div>\n\t\t\t\t<\/div>\n\t\t<div class=\"elementor-element elementor-element-4d0a14a e-con-full e-flex e-con e-child\" data-id=\"4d0a14a\" data-element_type=\"container\" data-e-type=\"container\">\n\t\t\t\t<div class=\"elementor-element elementor-element-b87d90f elementor-widget elementor-widget-text-editor\" data-id=\"b87d90f\" data-element_type=\"widget\" data-e-type=\"widget\" data-widget_type=\"text-editor.default\">\n\t\t\t\t<div class=\"elementor-widget-container\">\n\t\t\t\t\t\t\t\t\t<p><strong>Ejecuci\u00f3n de los trabajos\u2028<\/strong><\/p><p>Se traslada un generador el\u00e9ctrico para suministrar energ\u00eda a la bomba sumergible y se realiza un aforo con caudal variable creciente y medidas de recuperaci\u00f3n. Se estabiliza el nivel din\u00e1mico y se afora durante 72 horas. Se calculan las recuperaciones hasta alcanzar el nivel est\u00e1tico.<\/p>\t\t\t\t\t\t\t\t<\/div>\n\t\t\t\t<\/div>\n\t\t\t\t<\/div>\n\t\t<div class=\"elementor-element elementor-element-2137302 e-con-full e-flex e-con e-child\" data-id=\"2137302\" data-element_type=\"container\" data-e-type=\"container\">\n\t\t\t\t<div class=\"elementor-element elementor-element-0f82cbe elementor-widget elementor-widget-text-editor\" data-id=\"0f82cbe\" data-element_type=\"widget\" data-e-type=\"widget\" data-widget_type=\"text-editor.default\">\n\t\t\t\t<div class=\"elementor-widget-container\">\n\t\t\t\t\t\t\t\t\t<p><strong>Resumen final<\/strong><\/p><p>Se entrega un informe con todos los datos obtenidos y se da por cerrado el proyecto.<\/p>\t\t\t\t\t\t\t\t<\/div>\n\t\t\t\t<\/div>\n\t\t\t\t<\/div>\n\t\t\t\t<\/div>\n\t\t<div class=\"elementor-element elementor-element-54596b1f e-grid e-con-full e-con e-parent\" data-id=\"54596b1f\" data-element_type=\"container\" data-e-type=\"container\">\n\t\t\t\t<div class=\"elementor-element elementor-element-1f52cc9 elementor-widget elementor-widget-image\" data-id=\"1f52cc9\" data-element_type=\"widget\" data-e-type=\"widget\" data-widget_type=\"image.default\">\n\t\t\t\t<div class=\"elementor-widget-container\">\n\t\t\t\t\t\t\t\t\t\t\t\t\t\t\t<img fetchpriority=\"high\" decoding=\"async\" width=\"768\" height=\"1024\" src=\"https:\/\/perfoaqua.com\/wp-content\/uploads\/2025\/01\/IMG-20240917-WA0028-768x1024.jpg\" class=\"attachment-large size-large wp-image-5518\" alt=\"aforament de pous\" srcset=\"https:\/\/perfoaqua.com\/wp-content\/uploads\/2025\/01\/IMG-20240917-WA0028-768x1024.jpg 768w, https:\/\/perfoaqua.com\/wp-content\/uploads\/2025\/01\/IMG-20240917-WA0028-225x300.jpg 225w, https:\/\/perfoaqua.com\/wp-content\/uploads\/2025\/01\/IMG-20240917-WA0028-1152x1536.jpg 1152w, https:\/\/perfoaqua.com\/wp-content\/uploads\/2025\/01\/IMG-20240917-WA0028.jpg 1200w\" sizes=\"(max-width: 768px) 100vw, 768px\" \/>\t\t\t\t\t\t\t\t\t\t\t\t\t\t\t<\/div>\n\t\t\t\t<\/div>\n\t\t\t\t<\/div>\n\t\t\t\t<\/div>\n\t\t","protected":false},"excerpt":{"rendered":"<p>Aforo de un pozo de gran caudal en la comarca de La Selva<\/p>\n","protected":false},"featured_media":5518,"template":"","class_list":["post-5525","proyectos","type-proyectos","status-publish","has-post-thumbnail","hentry"],"yoast_head":"<!-- This site is optimized with the Yoast SEO plugin v27.3 - https:\/\/yoast.com\/product\/yoast-seo-wordpress\/ -->\n<title>Aforo de un pozo de gran caudal en la comarca de La Selva<\/title>\n<meta name=\"description\" content=\"Conoce nuestro proyecto de aforo de un pozo de gran caudal en la comarca de la Selva, optimizando la extracci\u00f3n de agua subterr\u00e1nea.\" \/>\n<meta name=\"robots\" content=\"index, follow, max-snippet:-1, max-image-preview:large, max-video-preview:-1\" \/>\n<link rel=\"canonical\" href=\"https:\/\/perfoaqua.com\/es\/nuestros-proyectos-hablan-de-perfoaqua\/aforo-de-un-pozo-de-gran-caudal-en-la-comarca-de-la-selva\/\" \/>\n<meta property=\"og:locale\" content=\"es_ES\" \/>\n<meta property=\"og:type\" content=\"article\" \/>\n<meta property=\"og:title\" content=\"Aforo de un pozo de gran caudal en la comarca de La Selva\" \/>\n<meta property=\"og:description\" content=\"Conoce nuestro proyecto de aforo de un pozo de gran caudal en la comarca de la Selva, optimizando la extracci\u00f3n de agua subterr\u00e1nea.\" \/>\n<meta property=\"og:url\" content=\"https:\/\/perfoaqua.com\/es\/nuestros-proyectos-hablan-de-perfoaqua\/aforo-de-un-pozo-de-gran-caudal-en-la-comarca-de-la-selva\/\" \/>\n<meta property=\"og:site_name\" content=\"Perfoaqua\" \/>\n<meta property=\"article:modified_time\" content=\"2026-03-25T16:04:50+00:00\" \/>\n<meta property=\"og:image\" content=\"https:\/\/perfoaqua.com\/wp-content\/uploads\/2025\/01\/IMG-20240917-WA0028.jpg\" \/>\n\t<meta property=\"og:image:width\" content=\"1200\" \/>\n\t<meta property=\"og:image:height\" content=\"1600\" \/>\n\t<meta property=\"og:image:type\" content=\"image\/jpeg\" \/>\n<meta name=\"twitter:card\" content=\"summary_large_image\" \/>\n<meta name=\"twitter:label1\" content=\"Tiempo de lectura\" \/>\n\t<meta name=\"twitter:data1\" content=\"1 minuto\" \/>\n<script type=\"application\/ld+json\" class=\"yoast-schema-graph\">{\"@context\":\"https:\\\/\\\/schema.org\",\"@graph\":[{\"@type\":\"WebPage\",\"@id\":\"https:\\\/\\\/perfoaqua.com\\\/es\\\/nuestros-proyectos-hablan-de-perfoaqua\\\/aforo-de-un-pozo-de-gran-caudal-en-la-comarca-de-la-selva\\\/\",\"url\":\"https:\\\/\\\/perfoaqua.com\\\/es\\\/nuestros-proyectos-hablan-de-perfoaqua\\\/aforo-de-un-pozo-de-gran-caudal-en-la-comarca-de-la-selva\\\/\",\"name\":\"Aforo de un pozo de gran caudal en la comarca de La Selva\",\"isPartOf\":{\"@id\":\"https:\\\/\\\/perfoaqua.com\\\/es\\\/#website\"},\"primaryImageOfPage\":{\"@id\":\"https:\\\/\\\/perfoaqua.com\\\/es\\\/nuestros-proyectos-hablan-de-perfoaqua\\\/aforo-de-un-pozo-de-gran-caudal-en-la-comarca-de-la-selva\\\/#primaryimage\"},\"image\":{\"@id\":\"https:\\\/\\\/perfoaqua.com\\\/es\\\/nuestros-proyectos-hablan-de-perfoaqua\\\/aforo-de-un-pozo-de-gran-caudal-en-la-comarca-de-la-selva\\\/#primaryimage\"},\"thumbnailUrl\":\"https:\\\/\\\/perfoaqua.com\\\/wp-content\\\/uploads\\\/2025\\\/01\\\/IMG-20240917-WA0028.jpg\",\"datePublished\":\"2025-01-29T11:13:21+00:00\",\"dateModified\":\"2026-03-25T16:04:50+00:00\",\"description\":\"Conoce nuestro proyecto de aforo de un pozo de gran caudal en la comarca de la Selva, optimizando la extracci\u00f3n de agua subterr\u00e1nea.\",\"breadcrumb\":{\"@id\":\"https:\\\/\\\/perfoaqua.com\\\/es\\\/nuestros-proyectos-hablan-de-perfoaqua\\\/aforo-de-un-pozo-de-gran-caudal-en-la-comarca-de-la-selva\\\/#breadcrumb\"},\"inLanguage\":\"es\",\"potentialAction\":[{\"@type\":\"ReadAction\",\"target\":[\"https:\\\/\\\/perfoaqua.com\\\/es\\\/nuestros-proyectos-hablan-de-perfoaqua\\\/aforo-de-un-pozo-de-gran-caudal-en-la-comarca-de-la-selva\\\/\"]}]},{\"@type\":\"ImageObject\",\"inLanguage\":\"es\",\"@id\":\"https:\\\/\\\/perfoaqua.com\\\/es\\\/nuestros-proyectos-hablan-de-perfoaqua\\\/aforo-de-un-pozo-de-gran-caudal-en-la-comarca-de-la-selva\\\/#primaryimage\",\"url\":\"https:\\\/\\\/perfoaqua.com\\\/wp-content\\\/uploads\\\/2025\\\/01\\\/IMG-20240917-WA0028.jpg\",\"contentUrl\":\"https:\\\/\\\/perfoaqua.com\\\/wp-content\\\/uploads\\\/2025\\\/01\\\/IMG-20240917-WA0028.jpg\",\"width\":1200,\"height\":1600,\"caption\":\"aforament de pous\"},{\"@type\":\"BreadcrumbList\",\"@id\":\"https:\\\/\\\/perfoaqua.com\\\/es\\\/nuestros-proyectos-hablan-de-perfoaqua\\\/aforo-de-un-pozo-de-gran-caudal-en-la-comarca-de-la-selva\\\/#breadcrumb\",\"itemListElement\":[{\"@type\":\"ListItem\",\"position\":1,\"name\":\"Portada\",\"item\":\"https:\\\/\\\/perfoaqua.com\\\/es\\\/\"},{\"@type\":\"ListItem\",\"position\":2,\"name\":\"Proyectos\",\"item\":\"https:\\\/\\\/perfoaqua.com\\\/es\\\/nuestros-proyectos-hablan-de-perfoaqua\\\/\"},{\"@type\":\"ListItem\",\"position\":3,\"name\":\"Aforo de un pozo de gran caudal en la comarca de La Selva\"}]},{\"@type\":\"WebSite\",\"@id\":\"https:\\\/\\\/perfoaqua.com\\\/es\\\/#website\",\"url\":\"https:\\\/\\\/perfoaqua.com\\\/es\\\/\",\"name\":\"Perfoaqua\",\"description\":\"\",\"publisher\":{\"@id\":\"https:\\\/\\\/perfoaqua.com\\\/es\\\/#organization\"},\"potentialAction\":[{\"@type\":\"SearchAction\",\"target\":{\"@type\":\"EntryPoint\",\"urlTemplate\":\"https:\\\/\\\/perfoaqua.com\\\/es\\\/?s={search_term_string}\"},\"query-input\":{\"@type\":\"PropertyValueSpecification\",\"valueRequired\":true,\"valueName\":\"search_term_string\"}}],\"inLanguage\":\"es\"},{\"@type\":\"Organization\",\"@id\":\"https:\\\/\\\/perfoaqua.com\\\/es\\\/#organization\",\"name\":\"Projectes de perforaci\u00f3 de pous d'aigua\",\"url\":\"https:\\\/\\\/perfoaqua.com\\\/es\\\/\",\"logo\":{\"@type\":\"ImageObject\",\"inLanguage\":\"es\",\"@id\":\"https:\\\/\\\/perfoaqua.com\\\/es\\\/#\\\/schema\\\/logo\\\/image\\\/\",\"url\":\"https:\\\/\\\/perfoaqua.com\\\/wp-content\\\/uploads\\\/2025\\\/12\\\/isotip.png\",\"contentUrl\":\"https:\\\/\\\/perfoaqua.com\\\/wp-content\\\/uploads\\\/2025\\\/12\\\/isotip.png\",\"width\":350,\"height\":350,\"caption\":\"Projectes de perforaci\u00f3 de pous d'aigua\"},\"image\":{\"@id\":\"https:\\\/\\\/perfoaqua.com\\\/es\\\/#\\\/schema\\\/logo\\\/image\\\/\"},\"sameAs\":[\"https:\\\/\\\/www.instagram.com\\\/perfoaqua.com_\\\/\"]}]}<\/script>\n<!-- \/ Yoast SEO plugin. -->","yoast_head_json":{"title":"Aforo de un pozo de gran caudal en la comarca de La Selva","description":"Conoce nuestro proyecto de aforo de un pozo de gran caudal en la comarca de la Selva, optimizando la extracci\u00f3n de agua subterr\u00e1nea.","robots":{"index":"index","follow":"follow","max-snippet":"max-snippet:-1","max-image-preview":"max-image-preview:large","max-video-preview":"max-video-preview:-1"},"canonical":"https:\/\/perfoaqua.com\/es\/nuestros-proyectos-hablan-de-perfoaqua\/aforo-de-un-pozo-de-gran-caudal-en-la-comarca-de-la-selva\/","og_locale":"es_ES","og_type":"article","og_title":"Aforo de un pozo de gran caudal en la comarca de La Selva","og_description":"Conoce nuestro proyecto de aforo de un pozo de gran caudal en la comarca de la Selva, optimizando la extracci\u00f3n de agua subterr\u00e1nea.","og_url":"https:\/\/perfoaqua.com\/es\/nuestros-proyectos-hablan-de-perfoaqua\/aforo-de-un-pozo-de-gran-caudal-en-la-comarca-de-la-selva\/","og_site_name":"Perfoaqua","article_modified_time":"2026-03-25T16:04:50+00:00","og_image":[{"width":1200,"height":1600,"url":"https:\/\/perfoaqua.com\/wp-content\/uploads\/2025\/01\/IMG-20240917-WA0028.jpg","type":"image\/jpeg"}],"twitter_card":"summary_large_image","twitter_misc":{"Tiempo de lectura":"1 minuto"},"schema":{"@context":"https:\/\/schema.org","@graph":[{"@type":"WebPage","@id":"https:\/\/perfoaqua.com\/es\/nuestros-proyectos-hablan-de-perfoaqua\/aforo-de-un-pozo-de-gran-caudal-en-la-comarca-de-la-selva\/","url":"https:\/\/perfoaqua.com\/es\/nuestros-proyectos-hablan-de-perfoaqua\/aforo-de-un-pozo-de-gran-caudal-en-la-comarca-de-la-selva\/","name":"Aforo de un pozo de gran caudal en la comarca de La Selva","isPartOf":{"@id":"https:\/\/perfoaqua.com\/es\/#website"},"primaryImageOfPage":{"@id":"https:\/\/perfoaqua.com\/es\/nuestros-proyectos-hablan-de-perfoaqua\/aforo-de-un-pozo-de-gran-caudal-en-la-comarca-de-la-selva\/#primaryimage"},"image":{"@id":"https:\/\/perfoaqua.com\/es\/nuestros-proyectos-hablan-de-perfoaqua\/aforo-de-un-pozo-de-gran-caudal-en-la-comarca-de-la-selva\/#primaryimage"},"thumbnailUrl":"https:\/\/perfoaqua.com\/wp-content\/uploads\/2025\/01\/IMG-20240917-WA0028.jpg","datePublished":"2025-01-29T11:13:21+00:00","dateModified":"2026-03-25T16:04:50+00:00","description":"Conoce nuestro proyecto de aforo de un pozo de gran caudal en la comarca de la Selva, optimizando la extracci\u00f3n de agua subterr\u00e1nea.","breadcrumb":{"@id":"https:\/\/perfoaqua.com\/es\/nuestros-proyectos-hablan-de-perfoaqua\/aforo-de-un-pozo-de-gran-caudal-en-la-comarca-de-la-selva\/#breadcrumb"},"inLanguage":"es","potentialAction":[{"@type":"ReadAction","target":["https:\/\/perfoaqua.com\/es\/nuestros-proyectos-hablan-de-perfoaqua\/aforo-de-un-pozo-de-gran-caudal-en-la-comarca-de-la-selva\/"]}]},{"@type":"ImageObject","inLanguage":"es","@id":"https:\/\/perfoaqua.com\/es\/nuestros-proyectos-hablan-de-perfoaqua\/aforo-de-un-pozo-de-gran-caudal-en-la-comarca-de-la-selva\/#primaryimage","url":"https:\/\/perfoaqua.com\/wp-content\/uploads\/2025\/01\/IMG-20240917-WA0028.jpg","contentUrl":"https:\/\/perfoaqua.com\/wp-content\/uploads\/2025\/01\/IMG-20240917-WA0028.jpg","width":1200,"height":1600,"caption":"aforament de pous"},{"@type":"BreadcrumbList","@id":"https:\/\/perfoaqua.com\/es\/nuestros-proyectos-hablan-de-perfoaqua\/aforo-de-un-pozo-de-gran-caudal-en-la-comarca-de-la-selva\/#breadcrumb","itemListElement":[{"@type":"ListItem","position":1,"name":"Portada","item":"https:\/\/perfoaqua.com\/es\/"},{"@type":"ListItem","position":2,"name":"Proyectos","item":"https:\/\/perfoaqua.com\/es\/nuestros-proyectos-hablan-de-perfoaqua\/"},{"@type":"ListItem","position":3,"name":"Aforo de un pozo de gran caudal en la comarca de La Selva"}]},{"@type":"WebSite","@id":"https:\/\/perfoaqua.com\/es\/#website","url":"https:\/\/perfoaqua.com\/es\/","name":"Perfoaqua","description":"","publisher":{"@id":"https:\/\/perfoaqua.com\/es\/#organization"},"potentialAction":[{"@type":"SearchAction","target":{"@type":"EntryPoint","urlTemplate":"https:\/\/perfoaqua.com\/es\/?s={search_term_string}"},"query-input":{"@type":"PropertyValueSpecification","valueRequired":true,"valueName":"search_term_string"}}],"inLanguage":"es"},{"@type":"Organization","@id":"https:\/\/perfoaqua.com\/es\/#organization","name":"Projectes de perforaci\u00f3 de pous d'aigua","url":"https:\/\/perfoaqua.com\/es\/","logo":{"@type":"ImageObject","inLanguage":"es","@id":"https:\/\/perfoaqua.com\/es\/#\/schema\/logo\/image\/","url":"https:\/\/perfoaqua.com\/wp-content\/uploads\/2025\/12\/isotip.png","contentUrl":"https:\/\/perfoaqua.com\/wp-content\/uploads\/2025\/12\/isotip.png","width":350,"height":350,"caption":"Projectes de perforaci\u00f3 de pous d'aigua"},"image":{"@id":"https:\/\/perfoaqua.com\/es\/#\/schema\/logo\/image\/"},"sameAs":["https:\/\/www.instagram.com\/perfoaqua.com_\/"]}]}},"_links":{"self":[{"href":"https:\/\/perfoaqua.com\/es\/wp-json\/wp\/v2\/proyectos\/5525","targetHints":{"allow":["GET"]}}],"collection":[{"href":"https:\/\/perfoaqua.com\/es\/wp-json\/wp\/v2\/proyectos"}],"about":[{"href":"https:\/\/perfoaqua.com\/es\/wp-json\/wp\/v2\/types\/proyectos"}],"version-history":[{"count":22,"href":"https:\/\/perfoaqua.com\/es\/wp-json\/wp\/v2\/proyectos\/5525\/revisions"}],"predecessor-version":[{"id":10824,"href":"https:\/\/perfoaqua.com\/es\/wp-json\/wp\/v2\/proyectos\/5525\/revisions\/10824"}],"wp:featuredmedia":[{"embeddable":true,"href":"https:\/\/perfoaqua.com\/es\/wp-json\/wp\/v2\/media\/5518"}],"wp:attachment":[{"href":"https:\/\/perfoaqua.com\/es\/wp-json\/wp\/v2\/media?parent=5525"}],"curies":[{"name":"wp","href":"https:\/\/api.w.org\/{rel}","templated":true}]}}